{"id":1250,"date":"2022-09-20T14:07:43","date_gmt":"2022-09-20T17:07:43","guid":{"rendered":"https:\/\/condo.org.br\/?post_type=radiotv&#038;p=1250"},"modified":"2022-09-23T10:53:14","modified_gmt":"2022-09-23T13:53:14","slug":"jardim-das-delicias-t01-ep06-temperos-e-ervas","status":"publish","type":"radiotv","link":"https:\/\/condo.org.br\/en\/radioTv\/jardim-das-delicias-t01-ep06-temperos-e-ervas\/","title":{"rendered":"Garden of Delights T01 EP06 - Spices and Herbs"},"content":{"rendered":"<p><iframe loading=\"lazy\" src=\"https:\/\/archive.org\/embed\/jardimdasdelicias06\" width=\"640\" height=\"480\" frameborder=\"0\" allowfullscreen=\"allowfullscreen\"><\/iframe><\/p>\n<p>&nbsp;<\/p>\n<p>The sixth episode is aromatic. We're going to learn a little about growing some essential spices to have at home. As well as bringing smells and flavors to our home, basil, oregano, rosemary, chives, parsley, mint and sage are true medicines.<\/p>","protected":false},"featured_media":1138,"template":"","meta":{"_crdt_document":"","_uag_custom_page_level_css":""},"categories":[42,44,152],"tags":[],"class_list":["post-1250","radiotv","type-radiotv","status-publish","has-post-thumbnail","hentry","category-arte-e-cultura","category-meio-ambiente","category-radiotv","Programas-jardim-das-delicias"],"acf":[],"uagb_featured_image_src":{"full":["https:\/\/condo.org.br\/wp-content\/uploads\/2022\/09\/JDD6_CA.jpg",800,533,false],"thumbnail":["https:\/\/condo.org.br\/wp-content\/uploads\/2022\/09\/JDD6_CA-150x150.jpg",150,150,true],"medium":["https:\/\/condo.org.br\/wp-content\/uploads\/2022\/09\/JDD6_CA-300x200.jpg",300,200,true],"medium_large":["https:\/\/condo.org.br\/wp-content\/uploads\/2022\/09\/JDD6_CA-768x512.jpg",768,512,true],"large":["https:\/\/condo.org.br\/wp-content\/uploads\/2022\/09\/JDD6_CA.jpg",800,533,false],"1536x1536":["https:\/\/condo.org.br\/wp-content\/uploads\/2022\/09\/JDD6_CA.jpg",800,533,false],"2048x2048":["https:\/\/condo.org.br\/wp-content\/uploads\/2022\/09\/JDD6_CA.jpg",800,533,false],"trp-custom-language-flag":["https:\/\/condo.org.br\/wp-content\/uploads\/2022\/09\/JDD6_CA.jpg",18,12,false]},"uagb_author_info":{"display_name":"Karine","author_link":"https:\/\/condo.org.br\/en\/author\/"},"uagb_comment_info":0,"uagb_excerpt":"&nbsp; O sexto epis\u00f3dio \u00e9 arom\u00e1tico. Vamos aprender um pouco sobre o cultivo de alguns &hellip;","jetpack_sharing_enabled":true,"_links":{"self":[{"href":"https:\/\/condo.org.br\/en\/wp-json\/wp\/v2\/radiotv\/1250","targetHints":{"allow":["GET"]}}],"collection":[{"href":"https:\/\/condo.org.br\/en\/wp-json\/wp\/v2\/radiotv"}],"about":[{"href":"https:\/\/condo.org.br\/en\/wp-json\/wp\/v2\/types\/radiotv"}],"wp:featuredmedia":[{"embeddable":true,"href":"https:\/\/condo.org.br\/en\/wp-json\/wp\/v2\/media\/1138"}],"wp:attachment":[{"href":"https:\/\/condo.org.br\/en\/wp-json\/wp\/v2\/media?parent=1250"}],"wp:term":[{"taxonomy":"category","embeddable":true,"href":"https:\/\/condo.org.br\/en\/wp-json\/wp\/v2\/categories?post=1250"},{"taxonomy":"post_tag","embeddable":true,"href":"https:\/\/condo.org.br\/en\/wp-json\/wp\/v2\/tags?post=1250"}],"curies":[{"name":"wp","href":"https:\/\/api.w.org\/{rel}","templated":true}]}}