{"id":2932,"date":"2024-11-14T15:58:25","date_gmt":"2024-11-14T18:58:25","guid":{"rendered":"https:\/\/condo.org.br\/?post_type=programacao&#038;p=2932"},"modified":"2024-12-04T16:40:11","modified_gmt":"2024-12-04T19:40:11","slug":"casa-aberta-2024-onironautas","status":"publish","type":"programacao","link":"https:\/\/condo.org.br\/en\/programacao\/casa-aberta-2024-onironautas\/","title":{"rendered":"Open House 2024 - Onironautas"},"content":{"rendered":"<p style=\"text-align: right;\"><span style=\"font-weight: 400;\">\"(...)<\/span><\/p>\n<p style=\"text-align: right;\"><span style=\"font-weight: 400;\">Gather many seeds in one place,\u00a0\u00a0<\/span><\/p>\n<p style=\"text-align: right;\"><span style=\"font-weight: 400;\">to look at and love the seeds.\u00a0\u00a0<\/span><\/p>\n<p style=\"text-align: right;\"><span style=\"font-weight: 400;\">Only a collective gesture of love could stop the destruction,\u00a0\u00a0<\/span><\/p>\n<p style=\"text-align: right;\"><span style=\"font-weight: 400;\">the felling, the burning of the woods.\u00a0\u00a0<\/span><\/p>\n<p style=\"text-align: right;\"><span style=\"font-weight: 400;\">The seed has waited all this time to be sown.\u00a0\u00a0<\/span><\/p>\n<p style=\"text-align: right;\"><span style=\"font-weight: 400;\">Some wait minutes, others wait millennia.\u00a0\u00a0<\/span><\/p>\n<p style=\"text-align: right;\"><span style=\"font-weight: 400;\">Guardians of an inner time, they know when to sprout.\u00a0\u00a0<\/span><\/p>\n<p style=\"text-align: right;\"><span style=\"font-weight: 400;\">Some have weight, others are like parachutes.\u00a0\u00a0<\/span><\/p>\n<p style=\"text-align: right;\"><span style=\"font-weight: 400;\">Geometric vulva,\u00a0\u00a0<\/span><\/p>\n<p style=\"text-align: right;\"><span style=\"font-weight: 400;\">every seed is a spaceship waiting for its moment to leave.\"<\/span><\/p>\n<p style=\"text-align: right;\"><i><span style=\"font-weight: 400;\">Cecilia Vicuna<\/span><\/i><\/p>\n<p>&nbsp;<\/p>\n<p>&nbsp;<\/p>\n<p>The Open House is a big open-door meeting to share our corners and our work with the public. A day to walk around Cond\u00f4 and discover the different worlds behind the doors and walls. Small big universes of the studios and creative actions of the people who are part of the Cond\u00f4 Cultural network.<\/p>\n<p>&nbsp;<\/p>\n<img loading=\"lazy\" decoding=\"async\" class=\"aligncenter wp-image-2930 size-full\" src=\"https:\/\/condo.org.br\/wp-content\/uploads\/2024\/11\/20241105_CASA_ABERTA_24_SALVE_A_DATA-1-2.jpg\" alt=\"\" width=\"800\" height=\"800\" srcset=\"https:\/\/condo.org.br\/wp-content\/uploads\/2024\/11\/20241105_CASA_ABERTA_24_SALVE_A_DATA-1-2.jpg 800w, https:\/\/condo.org.br\/wp-content\/uploads\/2024\/11\/20241105_CASA_ABERTA_24_SALVE_A_DATA-1-2-300x300.jpg 300w, https:\/\/condo.org.br\/wp-content\/uploads\/2024\/11\/20241105_CASA_ABERTA_24_SALVE_A_DATA-1-2-150x150.jpg 150w, https:\/\/condo.org.br\/wp-content\/uploads\/2024\/11\/20241105_CASA_ABERTA_24_SALVE_A_DATA-1-2-768x768.jpg 768w, https:\/\/condo.org.br\/wp-content\/uploads\/2024\/11\/20241105_CASA_ABERTA_24_SALVE_A_DATA-1-2-12x12.jpg 12w\" sizes=\"auto, (max-width: 800px) 100vw, 800px\" \/>\n<p>&nbsp;<\/p>\n<p><span style=\"font-weight: 400;\">It all started with a lucid dream,\u00a0\u00a0<\/span><\/p>\n<p><span style=\"font-weight: 400;\">a woman's body that flies low over the field, but flies close,\u00a0<\/span><\/p>\n<p><span style=\"font-weight: 400;\">because he's afraid he won't return to his physical body lying in bed.\u00a0<\/span><\/p>\n<p><span style=\"font-weight: 400;\">A dream that emerged at the Cond\u00f4 and was told to everyone around the lunch table.\u00a0\u00a0<\/span><\/p>\n<p><span style=\"font-weight: 400;\">In the everyday simplicity of home,\u00a0\u00a0<\/span><\/p>\n<p><span style=\"font-weight: 400;\">we cultivate moments of meeting and sharing,\u00a0\u00a0<\/span><\/p>\n<p><span style=\"font-weight: 400;\">where the dream world and the concrete universe touch, intertwine.<\/span><\/p>\n<p>&nbsp;<\/p>\n<p><span style=\"font-weight: 400;\">Dreaming, being lucid, aware of what you're dreaming, experiencing dreams, navigating them\u00a0\u00a0<\/span><\/p>\n<p><span style=\"font-weight: 400;\">like the Argonauts in uncharted waters.\u00a0\u00a0<\/span><\/p>\n<p><span style=\"font-weight: 400;\">We are Onironauts, dangerous dreamers,<\/span><\/p>\n<p><span style=\"font-weight: 400;\">embarked together on a ship,<\/span><\/p>\n<p><span style=\"font-weight: 400;\">exploring the beauty of shared dreams.<\/span><\/p>\n<p><span style=\"font-weight: 400;\">A dream that makes new realities come true,<\/span><\/p>\n<p><span style=\"font-weight: 400;\">just like the spaceship-seed, it just waits for the right moment to sprout.\u00a0\u00a0<\/span><\/p>\n<p>&nbsp;<\/p>\n<h3>Check out the full program!<\/h3>\n<p>&nbsp;<\/p>\n<img loading=\"lazy\" decoding=\"async\" class=\"aligncenter size-full wp-image-2964\" src=\"https:\/\/condo.org.br\/wp-content\/uploads\/2024\/12\/20241128_PROGRAMACAO_COMPLETA_INSTAGRAM_CASA_ABERTA_2024-01-1.jpg\" alt=\"\" width=\"800\" height=\"571\" srcset=\"https:\/\/condo.org.br\/wp-content\/uploads\/2024\/12\/20241128_PROGRAMACAO_COMPLETA_INSTAGRAM_CASA_ABERTA_2024-01-1.jpg 800w, https:\/\/condo.org.br\/wp-content\/uploads\/2024\/12\/20241128_PROGRAMACAO_COMPLETA_INSTAGRAM_CASA_ABERTA_2024-01-1-300x214.jpg 300w, https:\/\/condo.org.br\/wp-content\/uploads\/2024\/12\/20241128_PROGRAMACAO_COMPLETA_INSTAGRAM_CASA_ABERTA_2024-01-1-768x548.jpg 768w, https:\/\/condo.org.br\/wp-content\/uploads\/2024\/12\/20241128_PROGRAMACAO_COMPLETA_INSTAGRAM_CASA_ABERTA_2024-01-1-18x12.jpg 18w\" sizes=\"auto, (max-width: 800px) 100vw, 800px\" \/>\n<p>&nbsp;<\/p>\n<h4>9am-2pm<\/h4>\n<h4>Caipira coffee<\/h4>\n<p>Just like every Sunday, the open house will be no different! You can enjoy the delights of Caf\u00e9 Caipira and enjoy our program, which is not to be missed!<\/p>\n<p>&nbsp;<\/p>\n<h4>11am - 3pm<\/h4>\n<h4>Open Workshops<\/h4>\n<p>The workshops will be open to those who have always wanted to know what goes on behind Cond\u00f4's doors! The day has come to visit the open studios and discover the universes that inhabit Cond\u00f4. It's an opportunity to get to know the workspace of some of the people who make up this house: Anderson Santos, Beatriz Nogueira, Beth Sousa, Cleiri Cardoso with guests Gabriela Toledo and Giovana Grigolin, Cris Panariello, Daniela Avelar, Eneida Sanches, Gabriela Sacchetto, Itamar Dutra, Luiza Freire, Nadira Yanez, Laura Lolli, Kelvin Koubik and Silvia Nogueira.<img loading=\"lazy\" decoding=\"async\" class=\"aligncenter wp-image-2953 size-full\" src=\"https:\/\/condo.org.br\/wp-content\/uploads\/2024\/11\/CASA_ABERTA_ATELIE_ABERTO_2024.jpg\" alt=\"\" width=\"800\" height=\"800\" srcset=\"https:\/\/condo.org.br\/wp-content\/uploads\/2024\/11\/CASA_ABERTA_ATELIE_ABERTO_2024.jpg 800w, https:\/\/condo.org.br\/wp-content\/uploads\/2024\/11\/CASA_ABERTA_ATELIE_ABERTO_2024-300x300.jpg 300w, https:\/\/condo.org.br\/wp-content\/uploads\/2024\/11\/CASA_ABERTA_ATELIE_ABERTO_2024-150x150.jpg 150w, https:\/\/condo.org.br\/wp-content\/uploads\/2024\/11\/CASA_ABERTA_ATELIE_ABERTO_2024-768x768.jpg 768w, https:\/\/condo.org.br\/wp-content\/uploads\/2024\/11\/CASA_ABERTA_ATELIE_ABERTO_2024-12x12.jpg 12w\" sizes=\"auto, (max-width: 800px) 100vw, 800px\" \/><\/p>\n<p>&nbsp;<\/p>\n<h4>9am-7pm<\/h4>\n<h4>FENDA - group exhibition<\/h4>\n<p>FENDA is a group exhibition project by Cond\u00f4.<\/p>\n<p>GAP is an opening, a gap through which light and air infiltrate and expand.<\/p>\n<p>In this proposal, we think of the cracks as places where artists establish dialogues between their productions and the spaces they occupy.<\/p>\n<p>Participating Artists: with Anderson Santos, Beatriz Nogueira, Beth Sousa, Carol Lefevre, Cleiri Cardoso, Cris Panariello, Daniela Avelar, Eneida Sanches, Gabriela Sacchetto, Itamar Dutra and Nadira Yanez.<img loading=\"lazy\" decoding=\"async\" class=\"aligncenter size-full wp-image-2943\" src=\"https:\/\/condo.org.br\/wp-content\/uploads\/2024\/11\/20241105_CASA_ABERTA_24_FENDA_EXPOSICAO_COLETIVA-01.jpg\" alt=\"\" width=\"800\" height=\"800\" srcset=\"https:\/\/condo.org.br\/wp-content\/uploads\/2024\/11\/20241105_CASA_ABERTA_24_FENDA_EXPOSICAO_COLETIVA-01.jpg 800w, https:\/\/condo.org.br\/wp-content\/uploads\/2024\/11\/20241105_CASA_ABERTA_24_FENDA_EXPOSICAO_COLETIVA-01-300x300.jpg 300w, https:\/\/condo.org.br\/wp-content\/uploads\/2024\/11\/20241105_CASA_ABERTA_24_FENDA_EXPOSICAO_COLETIVA-01-150x150.jpg 150w, https:\/\/condo.org.br\/wp-content\/uploads\/2024\/11\/20241105_CASA_ABERTA_24_FENDA_EXPOSICAO_COLETIVA-01-768x768.jpg 768w, https:\/\/condo.org.br\/wp-content\/uploads\/2024\/11\/20241105_CASA_ABERTA_24_FENDA_EXPOSICAO_COLETIVA-01-12x12.jpg 12w\" sizes=\"auto, (max-width: 800px) 100vw, 800px\" \/><\/p>\n<p>&nbsp;<\/p>\n<h4>9am-7pm<\/h4>\n<h4>Indigenous Art Point<\/h4>\n<p>The Indigenous Art Point will be open all day for you to immerse yourself in the richness and beauty of the handcrafted pieces produced by various indigenous communities, each carrying stories and knowledge. At Cond\u00f4 Cultural we opened this support point for the work of various indigenous artists in 2022.<img loading=\"lazy\" decoding=\"async\" class=\"aligncenter size-full wp-image-2956\" src=\"https:\/\/condo.org.br\/wp-content\/uploads\/2024\/11\/20241108_CASA_ABERTA_24_LOJA_INDIGENA.jpg\" alt=\"\" width=\"800\" height=\"800\" srcset=\"https:\/\/condo.org.br\/wp-content\/uploads\/2024\/11\/20241108_CASA_ABERTA_24_LOJA_INDIGENA.jpg 800w, https:\/\/condo.org.br\/wp-content\/uploads\/2024\/11\/20241108_CASA_ABERTA_24_LOJA_INDIGENA-300x300.jpg 300w, https:\/\/condo.org.br\/wp-content\/uploads\/2024\/11\/20241108_CASA_ABERTA_24_LOJA_INDIGENA-150x150.jpg 150w, https:\/\/condo.org.br\/wp-content\/uploads\/2024\/11\/20241108_CASA_ABERTA_24_LOJA_INDIGENA-768x768.jpg 768w, https:\/\/condo.org.br\/wp-content\/uploads\/2024\/11\/20241108_CASA_ABERTA_24_LOJA_INDIGENA-12x12.jpg 12w\" sizes=\"auto, (max-width: 800px) 100vw, 800px\" \/><\/p>\n<p>&nbsp;<\/p>\n<h4>11h-14h<\/h4>\n<h4>Community composting<\/h4>\n<p>Everyone already knows that on Sundays, from 11 a.m. to 2 p.m., our community composting point is open to receive organic waste from the neighborhood. And the Open House will be no different!  Bring your bucket, your shells, leaves and organic waste and come and be part of this sustainable cycle. In addition to all the incredible attractions at the event, community composting will be in full swing. Since April 2021, Cond\u00f4's composting point has turned more than 11 TONS of waste into fertilizer!<img loading=\"lazy\" decoding=\"async\" class=\"aligncenter size-full wp-image-2955\" src=\"https:\/\/condo.org.br\/wp-content\/uploads\/2024\/11\/20241108_CASA_ABERTA_24_COMPOSTAGEM_COMUNITARIA.jpg\" alt=\"\" width=\"800\" height=\"800\" srcset=\"https:\/\/condo.org.br\/wp-content\/uploads\/2024\/11\/20241108_CASA_ABERTA_24_COMPOSTAGEM_COMUNITARIA.jpg 800w, https:\/\/condo.org.br\/wp-content\/uploads\/2024\/11\/20241108_CASA_ABERTA_24_COMPOSTAGEM_COMUNITARIA-300x300.jpg 300w, https:\/\/condo.org.br\/wp-content\/uploads\/2024\/11\/20241108_CASA_ABERTA_24_COMPOSTAGEM_COMUNITARIA-150x150.jpg 150w, https:\/\/condo.org.br\/wp-content\/uploads\/2024\/11\/20241108_CASA_ABERTA_24_COMPOSTAGEM_COMUNITARIA-768x768.jpg 768w, https:\/\/condo.org.br\/wp-content\/uploads\/2024\/11\/20241108_CASA_ABERTA_24_COMPOSTAGEM_COMUNITARIA-12x12.jpg 12w\" sizes=\"auto, (max-width: 800px) 100vw, 800px\" \/><\/p>\n<p>&nbsp;<\/p>\n<h4>9am-7pm<\/h4>\n<h4>Garden of Delights<\/h4>\n<p>During the Open House, we invite you to get to know, observe and appreciate our little darling, the Garden of Delights! In the edible part of the Cond\u00f4, vegetables, legumes, herbs, spices, medicinal plants, fruits and PANC flourish, grown under the principles of agroforestry. Our organic garden was established in 2020 and serves as the basis for the production of the inputs used in the house! At Casa Aberta, come and be enchanted by the colors, shapes and aromas of our garden.<img loading=\"lazy\" decoding=\"async\" class=\"aligncenter size-full wp-image-2944\" src=\"https:\/\/condo.org.br\/wp-content\/uploads\/2024\/11\/20241108_CASA_ABERTA_24_JARDIM_DAS_DELICIAS.jpg\" alt=\"\" width=\"800\" height=\"800\" srcset=\"https:\/\/condo.org.br\/wp-content\/uploads\/2024\/11\/20241108_CASA_ABERTA_24_JARDIM_DAS_DELICIAS.jpg 800w, https:\/\/condo.org.br\/wp-content\/uploads\/2024\/11\/20241108_CASA_ABERTA_24_JARDIM_DAS_DELICIAS-300x300.jpg 300w, https:\/\/condo.org.br\/wp-content\/uploads\/2024\/11\/20241108_CASA_ABERTA_24_JARDIM_DAS_DELICIAS-150x150.jpg 150w, https:\/\/condo.org.br\/wp-content\/uploads\/2024\/11\/20241108_CASA_ABERTA_24_JARDIM_DAS_DELICIAS-768x768.jpg 768w, https:\/\/condo.org.br\/wp-content\/uploads\/2024\/11\/20241108_CASA_ABERTA_24_JARDIM_DAS_DELICIAS-12x12.jpg 12w\" sizes=\"auto, (max-width: 800px) 100vw, 800px\" \/><\/p>\n<p>&nbsp;<\/p>\n<h4>9am-7pm<\/h4>\n<h4>Cond\u00f4's shop<\/h4>\n<p>At Casa Aberta 2024, Lojinha do Cond\u00f4 will be ready to welcome you, from 9am to 7pm, with exclusive work by the house's artists. It's an unmissable chance to meet the artists and support their production.<img loading=\"lazy\" decoding=\"async\" class=\"aligncenter size-full wp-image-2952\" src=\"https:\/\/condo.org.br\/wp-content\/uploads\/2024\/11\/CASA_ABERTA_2024_LOJINHA_CONDO.jpg\" alt=\"\" width=\"800\" height=\"800\" srcset=\"https:\/\/condo.org.br\/wp-content\/uploads\/2024\/11\/CASA_ABERTA_2024_LOJINHA_CONDO.jpg 800w, https:\/\/condo.org.br\/wp-content\/uploads\/2024\/11\/CASA_ABERTA_2024_LOJINHA_CONDO-300x300.jpg 300w, https:\/\/condo.org.br\/wp-content\/uploads\/2024\/11\/CASA_ABERTA_2024_LOJINHA_CONDO-150x150.jpg 150w, https:\/\/condo.org.br\/wp-content\/uploads\/2024\/11\/CASA_ABERTA_2024_LOJINHA_CONDO-768x768.jpg 768w, https:\/\/condo.org.br\/wp-content\/uploads\/2024\/11\/CASA_ABERTA_2024_LOJINHA_CONDO-12x12.jpg 12w\" sizes=\"auto, (max-width: 800px) 100vw, 800px\" \/><\/p>\n<p>&nbsp;<\/p>\n<h4><b>9am-11am <\/b><\/h4>\n<h4><b>Construction site\u00a0<\/b><\/h4>\n<p><i><span style=\"font-weight: 400;\">with Beatriz Nogueira\u00a0<\/span><\/i><\/p>\n<p><span style=\"font-weight: 400;\">Interactive installation for children of all ages - digging up images - emotional constructions with sand and other elements that offer and activate the imagination.<\/span><\/p>\n<p><i><span style=\"font-weight: 400;\">(in the back room)<img loading=\"lazy\" decoding=\"async\" class=\"aligncenter size-full wp-image-2951\" src=\"https:\/\/condo.org.br\/wp-content\/uploads\/2024\/11\/CASA_ABERTA_2024_CANTEIRO_DE_OBRAS.jpg\" alt=\"\" width=\"800\" height=\"800\" srcset=\"https:\/\/condo.org.br\/wp-content\/uploads\/2024\/11\/CASA_ABERTA_2024_CANTEIRO_DE_OBRAS.jpg 800w, https:\/\/condo.org.br\/wp-content\/uploads\/2024\/11\/CASA_ABERTA_2024_CANTEIRO_DE_OBRAS-300x300.jpg 300w, https:\/\/condo.org.br\/wp-content\/uploads\/2024\/11\/CASA_ABERTA_2024_CANTEIRO_DE_OBRAS-150x150.jpg 150w, https:\/\/condo.org.br\/wp-content\/uploads\/2024\/11\/CASA_ABERTA_2024_CANTEIRO_DE_OBRAS-768x768.jpg 768w, https:\/\/condo.org.br\/wp-content\/uploads\/2024\/11\/CASA_ABERTA_2024_CANTEIRO_DE_OBRAS-12x12.jpg 12w\" sizes=\"auto, (max-width: 800px) 100vw, 800px\" \/><\/span><\/i><\/p>\n<p>&nbsp;<\/p>\n<h4><b>9h30-10h30 <\/b><\/h4>\n<h4><b>Practical experience of a healthy body<\/b><span style=\"font-weight: 400;\">\u00a0<\/span><\/h4>\n<p><i><span style=\"font-weight: 400;\">with Isis Marks<\/span><\/i><\/p>\n<p><span style=\"font-weight: 400;\">A practice for caring for and integrating the body based on principles and techniques that include breathing exercises, mobility, perception, body awareness, motor coordination, alignment, flexibility and strengthening.<\/span><span style=\"font-weight: 400;\">\u00a0<\/span><\/p>\n<p><i><span style=\"font-weight: 400;\">(in the pigeon room)<img loading=\"lazy\" decoding=\"async\" class=\"aligncenter size-full wp-image-2946\" src=\"https:\/\/condo.org.br\/wp-content\/uploads\/2024\/11\/20241114_CASA_ABERTA_2024_OFICINAS-01.jpg\" alt=\"\" width=\"800\" height=\"800\" srcset=\"https:\/\/condo.org.br\/wp-content\/uploads\/2024\/11\/20241114_CASA_ABERTA_2024_OFICINAS-01.jpg 800w, https:\/\/condo.org.br\/wp-content\/uploads\/2024\/11\/20241114_CASA_ABERTA_2024_OFICINAS-01-300x300.jpg 300w, https:\/\/condo.org.br\/wp-content\/uploads\/2024\/11\/20241114_CASA_ABERTA_2024_OFICINAS-01-150x150.jpg 150w, https:\/\/condo.org.br\/wp-content\/uploads\/2024\/11\/20241114_CASA_ABERTA_2024_OFICINAS-01-768x768.jpg 768w, https:\/\/condo.org.br\/wp-content\/uploads\/2024\/11\/20241114_CASA_ABERTA_2024_OFICINAS-01-12x12.jpg 12w\" sizes=\"auto, (max-width: 800px) 100vw, 800px\" \/><\/span><\/i><\/p>\n<p>&nbsp;<\/p>\n<h4><b>10am-11pm <\/b><\/h4>\n<h4><b>Memories of nature\u00a0<\/b><\/h4>\n<p><em><span style=\"font-weight: 400;\">with Anderson Santos\u00a0<\/span><\/em><\/p>\n<p><span style=\"font-weight: 400;\">Memories of nature is an experience of contact with elements from the natural world that allow for different creative expressions. On a table full of flowers, fruit, seeds and other materials, it will be possible to create cards, small pictures and other objects, in interactions that provoke the emotional memories we have with plants and nature. <\/span><\/p>\n<p><i><span style=\"font-weight: 400;\">(in studio 01)<img loading=\"lazy\" decoding=\"async\" class=\"aligncenter size-full wp-image-2947\" src=\"https:\/\/condo.org.br\/wp-content\/uploads\/2024\/11\/20241114_CASA_ABERTA_2024_OFICINAS-02.jpg\" alt=\"\" width=\"800\" height=\"800\" srcset=\"https:\/\/condo.org.br\/wp-content\/uploads\/2024\/11\/20241114_CASA_ABERTA_2024_OFICINAS-02.jpg 800w, https:\/\/condo.org.br\/wp-content\/uploads\/2024\/11\/20241114_CASA_ABERTA_2024_OFICINAS-02-300x300.jpg 300w, https:\/\/condo.org.br\/wp-content\/uploads\/2024\/11\/20241114_CASA_ABERTA_2024_OFICINAS-02-150x150.jpg 150w, https:\/\/condo.org.br\/wp-content\/uploads\/2024\/11\/20241114_CASA_ABERTA_2024_OFICINAS-02-768x768.jpg 768w, https:\/\/condo.org.br\/wp-content\/uploads\/2024\/11\/20241114_CASA_ABERTA_2024_OFICINAS-02-12x12.jpg 12w\" sizes=\"auto, (max-width: 800px) 100vw, 800px\" \/><\/span><\/i><\/p>\n<p>&nbsp;<\/p>\n<h4><b>10am-1pm <\/b><\/h4>\n<h4><b>Reading Curatorship\u00a0<\/b><\/h4>\n<p><em><span style=\"font-weight: 400;\">with Joana dos Arcos and Ana Paula T\u00f3sca<\/span><\/em><\/p>\n<p><span style=\"font-weight: 400;\">Environments with children's books creating links between spaces. In the Garden, an exploration of the microcosm, in Fund\u00e3o, opening up the imagination to be beings in a mysterious Universe.<\/span><\/p>\n<p><i><span style=\"font-weight: 400;\">(in the back room and in the backyard)<img loading=\"lazy\" decoding=\"async\" class=\"aligncenter size-full wp-image-2948\" src=\"https:\/\/condo.org.br\/wp-content\/uploads\/2024\/11\/20241114_CASA_ABERTA_2024_OFICINAS-03.jpg\" alt=\"\" width=\"800\" height=\"800\" srcset=\"https:\/\/condo.org.br\/wp-content\/uploads\/2024\/11\/20241114_CASA_ABERTA_2024_OFICINAS-03.jpg 800w, https:\/\/condo.org.br\/wp-content\/uploads\/2024\/11\/20241114_CASA_ABERTA_2024_OFICINAS-03-300x300.jpg 300w, https:\/\/condo.org.br\/wp-content\/uploads\/2024\/11\/20241114_CASA_ABERTA_2024_OFICINAS-03-150x150.jpg 150w, https:\/\/condo.org.br\/wp-content\/uploads\/2024\/11\/20241114_CASA_ABERTA_2024_OFICINAS-03-768x768.jpg 768w, https:\/\/condo.org.br\/wp-content\/uploads\/2024\/11\/20241114_CASA_ABERTA_2024_OFICINAS-03-12x12.jpg 12w\" sizes=\"auto, (max-width: 800px) 100vw, 800px\" \/><\/span><\/i><\/p>\n<p>&nbsp;<\/p>\n<h4><b>11h-12h30<\/b><\/h4>\n<h4><b>Zen deZenho\u00a0<\/b><\/h4>\n<p><i><span style=\"font-weight: 400;\">with Carol Lefevre<\/span><\/i><span style=\"font-weight: 400;\">\u00a0<\/span><\/p>\n<p>Have you ever thought that drawing could be a form of meditation?<\/p>\n<p>In this workshop, we will intersperse moments of Zen meditation with observation drawing exercises. When we draw, we focus on the present moment: we perceive what our eyes see, our heart feels and our hand translates onto paper. And it is precisely in this mindfulness that Zen and drawing meet.<\/p>\n<p>We will learn to observe and draw what is really in front of us, without the interpretations of thought, while meditation helps us to perceive reality more clearly.<\/p>\n<p>No previous experience of drawing or meditation is necessary. On the contrary, if you think you can't draw, or that it's too difficult to meditate, this workshop is specially designed for you!<\/p>\n<p><i><span style=\"font-weight: 400;\">(linoleum room and yard)<\/span><\/i><img loading=\"lazy\" decoding=\"async\" class=\"aligncenter size-full wp-image-2949\" src=\"https:\/\/condo.org.br\/wp-content\/uploads\/2024\/11\/20241114_CASA_ABERTA_2024_OFICINAS-04.jpg\" alt=\"\" width=\"800\" height=\"800\" srcset=\"https:\/\/condo.org.br\/wp-content\/uploads\/2024\/11\/20241114_CASA_ABERTA_2024_OFICINAS-04.jpg 800w, https:\/\/condo.org.br\/wp-content\/uploads\/2024\/11\/20241114_CASA_ABERTA_2024_OFICINAS-04-300x300.jpg 300w, https:\/\/condo.org.br\/wp-content\/uploads\/2024\/11\/20241114_CASA_ABERTA_2024_OFICINAS-04-150x150.jpg 150w, https:\/\/condo.org.br\/wp-content\/uploads\/2024\/11\/20241114_CASA_ABERTA_2024_OFICINAS-04-768x768.jpg 768w, https:\/\/condo.org.br\/wp-content\/uploads\/2024\/11\/20241114_CASA_ABERTA_2024_OFICINAS-04-12x12.jpg 12w\" sizes=\"auto, (max-width: 800px) 100vw, 800px\" \/><\/p>\n<p>&nbsp;<\/p>\n<h4>11am-12pm\/14pm-15pm Guided Tour: Cond\u00f4 Cultural - Open Workshops - FENDA<\/h4>\n<p><em> with Daise Cerqueira and Vany Alves<\/em><br \/>\nGuided tour of the house telling its history and memory, passing by the artists' studios and the FENDA project.<img loading=\"lazy\" decoding=\"async\" class=\"aligncenter size-full wp-image-2942\" src=\"https:\/\/condo.org.br\/wp-content\/uploads\/2024\/11\/20241114_CASA_ABERTA_2024_OFICINAS-13.jpg\" alt=\"\" width=\"800\" height=\"800\" srcset=\"https:\/\/condo.org.br\/wp-content\/uploads\/2024\/11\/20241114_CASA_ABERTA_2024_OFICINAS-13.jpg 800w, https:\/\/condo.org.br\/wp-content\/uploads\/2024\/11\/20241114_CASA_ABERTA_2024_OFICINAS-13-300x300.jpg 300w, https:\/\/condo.org.br\/wp-content\/uploads\/2024\/11\/20241114_CASA_ABERTA_2024_OFICINAS-13-150x150.jpg 150w, https:\/\/condo.org.br\/wp-content\/uploads\/2024\/11\/20241114_CASA_ABERTA_2024_OFICINAS-13-768x768.jpg 768w, https:\/\/condo.org.br\/wp-content\/uploads\/2024\/11\/20241114_CASA_ABERTA_2024_OFICINAS-13-12x12.jpg 12w\" sizes=\"auto, (max-width: 800px) 100vw, 800px\" \/><\/p>\n<p>&nbsp;<\/p>\n<h4><b>13h30-15h <\/b><\/h4>\n<h4><b>A manifesto of love: Shiva and the hummingbird\u00a0<\/b><\/h4>\n<p><i><span style=\"font-weight: 400;\">with Bia Tadema (Schumacher Brasil School) and Anderson Santos (Botany School)<\/span><\/i><\/p>\n<p><span style=\"font-weight: 400;\">Screening of the web talk: Ailton Krenak and Satish Kumar + round table discussion.\u00a0<\/span><\/p>\n<p><span style=\"font-weight: 400;\">In April this year, Indian activist and founder of Schumacher College Satish Kumar met with thinker, environmentalist and leader of indigenous movements Ailton Krenak.\u00a0<\/span><\/p>\n<p><span style=\"font-weight: 400;\">A meeting of great masters, a conversation about life and its transmutation.<\/span><\/p>\n<p><span style=\"font-weight: 400;\">The meeting was held by the Selvagem Ciclo de Estudos, in the Botanical Garden in Rio de Janeiro.\u00a0<\/span><\/p>\n<p><span style=\"font-weight: 400;\">As part of the open house program at Cond\u00f4 Cultural, we'll be showing the talk on the web, followed by a round table discussion with Bia Tadema (Schumacher Brasil School) and Anderson Santos (Botany School).<\/span><\/p>\n<p><span style=\"font-weight: 400;\">Thanks to @selvagem_ciclodeestudos for providing the movie for this meeting.<\/span><\/p>\n<p><span style=\"font-weight: 400;\">AILTON KRENAK is a thinker, environmentalist and an important voice in indigenous movements. Together with Dantes Editora, he created Selvagem, a cycle of studies on life. He lives in the Krenak village on the banks of the Doce River in Minas Gerais. He is the author of several books, including \"Um rio um p\u00e1ssaro\" (A River and a Bird) (Dantes Editora), \"Ideias para adiar o fim do mundo\" (Ideas for Postponing the End of the World) and \"Futuro Ancestral\" (Ancestral Future) (Companhia das Letras). In 2022, he was elected immortal by the Brazilian Academy of Letters.<\/span><\/p>\n<p><span style=\"font-weight: 400;\">SATISH KUMAR is a peace and environmental activist. Born in India in 1936, he was a Jain monk and followed Gandhi in campaigning for land reform in India. At the age of twenty, he began a long pilgrimage around the world for peace. He was one of the founders of Schumacher College in England, an international center for ecological studies, which has also been in Brazil since 2014 through the Schumacher Brasil School.<\/span><\/p>\n<p><span style=\"font-weight: 400;\">Photos: Miguel Casanova<\/span><\/p>\n<p><i><span style=\"font-weight: 400;\">(in the peroba room)<img loading=\"lazy\" decoding=\"async\" class=\"aligncenter size-full wp-image-2937\" src=\"https:\/\/condo.org.br\/wp-content\/uploads\/2024\/11\/20241114_CASA_ABERTA_2024_OFICINAS-08.jpg\" alt=\"\" width=\"800\" height=\"800\" srcset=\"https:\/\/condo.org.br\/wp-content\/uploads\/2024\/11\/20241114_CASA_ABERTA_2024_OFICINAS-08.jpg 800w, https:\/\/condo.org.br\/wp-content\/uploads\/2024\/11\/20241114_CASA_ABERTA_2024_OFICINAS-08-300x300.jpg 300w, https:\/\/condo.org.br\/wp-content\/uploads\/2024\/11\/20241114_CASA_ABERTA_2024_OFICINAS-08-150x150.jpg 150w, https:\/\/condo.org.br\/wp-content\/uploads\/2024\/11\/20241114_CASA_ABERTA_2024_OFICINAS-08-768x768.jpg 768w, https:\/\/condo.org.br\/wp-content\/uploads\/2024\/11\/20241114_CASA_ABERTA_2024_OFICINAS-08-12x12.jpg 12w\" sizes=\"auto, (max-width: 800px) 100vw, 800px\" \/><\/span><\/i><\/p>\n<p>&nbsp;<\/p>\n<h4><b>14h-15h<\/b><\/h4>\n<h4><b>Modern Dance Class: Movement &amp; Expression<\/b><\/h4>\n<p><i><span style=\"font-weight: 400;\">with Paula D'Ajello<\/span><\/i><\/p>\n<p><span style=\"font-weight: 400;\">Improving awareness of movement through perception and investigation of the design of gestures in time and space, awakening the potential for expression through dance. The work is based on the principles of Modern Dance, such as breathing associated with the flow of movement; the center of the body as a source of energy and expression of gestures; and the use of one's own weight as an impulse, in different movement dynamics. No previous dance experience is necessary.\u00a0<\/span><\/p>\n<p><i><span style=\"font-weight: 400;\">(in the linoleum room)<img loading=\"lazy\" decoding=\"async\" class=\"aligncenter size-full wp-image-2940\" src=\"https:\/\/condo.org.br\/wp-content\/uploads\/2024\/11\/20241114_CASA_ABERTA_2024_OFICINAS-11.jpg\" alt=\"\" width=\"800\" height=\"800\" srcset=\"https:\/\/condo.org.br\/wp-content\/uploads\/2024\/11\/20241114_CASA_ABERTA_2024_OFICINAS-11.jpg 800w, https:\/\/condo.org.br\/wp-content\/uploads\/2024\/11\/20241114_CASA_ABERTA_2024_OFICINAS-11-300x300.jpg 300w, https:\/\/condo.org.br\/wp-content\/uploads\/2024\/11\/20241114_CASA_ABERTA_2024_OFICINAS-11-150x150.jpg 150w, https:\/\/condo.org.br\/wp-content\/uploads\/2024\/11\/20241114_CASA_ABERTA_2024_OFICINAS-11-768x768.jpg 768w, https:\/\/condo.org.br\/wp-content\/uploads\/2024\/11\/20241114_CASA_ABERTA_2024_OFICINAS-11-12x12.jpg 12w\" sizes=\"auto, (max-width: 800px) 100vw, 800px\" \/><\/span><\/i><\/p>\n<p>&nbsp;<\/p>\n<h4><b>15h -16h30 <\/b><\/h4>\n<h4><b>Observe, Plant and Draw\u00a0<\/b><\/h4>\n<p><i><span style=\"font-weight: 400;\">with Floresta Ateli\u00ea - Maisa Sobelman and Gabriela Sacchetto<\/span><\/i><\/p>\n<p><span style=\"font-weight: 400;\">A workshop for producing seedlings, which involves observing how different plants reproduce and drawing as tools for cultivating an attentive and sensitive view of nature. Participants will be able to take home the seedlings produced and will be encouraged to record the development of their crops.\u00a0<\/span><\/p>\n<p><span style=\"font-weight: 400;\">The materials will be supplied.\u00a0<\/span><\/p>\n<p><span style=\"font-weight: 400;\">No previous experience with planting or design is necessary. <\/span><span style=\"font-weight: 400;\">Open to all audiences.<\/span><\/p>\n<p><i><span style=\"font-weight: 400;\">(in the open kitchen)<img loading=\"lazy\" decoding=\"async\" class=\"aligncenter size-full wp-image-2938\" src=\"https:\/\/condo.org.br\/wp-content\/uploads\/2024\/11\/20241114_CASA_ABERTA_2024_OFICINAS-09.jpg\" alt=\"\" width=\"800\" height=\"800\" srcset=\"https:\/\/condo.org.br\/wp-content\/uploads\/2024\/11\/20241114_CASA_ABERTA_2024_OFICINAS-09.jpg 800w, https:\/\/condo.org.br\/wp-content\/uploads\/2024\/11\/20241114_CASA_ABERTA_2024_OFICINAS-09-300x300.jpg 300w, https:\/\/condo.org.br\/wp-content\/uploads\/2024\/11\/20241114_CASA_ABERTA_2024_OFICINAS-09-150x150.jpg 150w, https:\/\/condo.org.br\/wp-content\/uploads\/2024\/11\/20241114_CASA_ABERTA_2024_OFICINAS-09-768x768.jpg 768w, https:\/\/condo.org.br\/wp-content\/uploads\/2024\/11\/20241114_CASA_ABERTA_2024_OFICINAS-09-12x12.jpg 12w\" sizes=\"auto, (max-width: 800px) 100vw, 800px\" \/><\/span><\/i><\/p>\n<p>&nbsp;<\/p>\n<h4><b>3-4pm<\/b><\/h4>\n<h4><b>Hair by the hair\u00a0<\/b><\/h4>\n<p><i><span style=\"font-weight: 400;\">with Ra\u00edssa Spada\u00a0<\/span><\/i><\/p>\n<p><span style=\"font-weight: 400;\">C<\/span><span style=\"font-weight: 400;\">antora, composer, multi-instrumentalist and music producer, born in S\u00e3o Paulo, presents some of the songs that make up her first solo and authorial work in an intimate version, exploring the different layers of sound created live on the loop pedal.<\/span><span style=\"font-weight: 400;\">\u00a0<\/span><\/p>\n<p><i><span style=\"font-weight: 400;\">(in the pigeon room)<img loading=\"lazy\" decoding=\"async\" class=\"aligncenter size-full wp-image-2950\" src=\"https:\/\/condo.org.br\/wp-content\/uploads\/2024\/11\/20241114_CASA_ABERTA_2024_OFICINAS-05.jpg\" alt=\"\" width=\"800\" height=\"800\" srcset=\"https:\/\/condo.org.br\/wp-content\/uploads\/2024\/11\/20241114_CASA_ABERTA_2024_OFICINAS-05.jpg 800w, https:\/\/condo.org.br\/wp-content\/uploads\/2024\/11\/20241114_CASA_ABERTA_2024_OFICINAS-05-300x300.jpg 300w, https:\/\/condo.org.br\/wp-content\/uploads\/2024\/11\/20241114_CASA_ABERTA_2024_OFICINAS-05-150x150.jpg 150w, https:\/\/condo.org.br\/wp-content\/uploads\/2024\/11\/20241114_CASA_ABERTA_2024_OFICINAS-05-768x768.jpg 768w, https:\/\/condo.org.br\/wp-content\/uploads\/2024\/11\/20241114_CASA_ABERTA_2024_OFICINAS-05-12x12.jpg 12w\" sizes=\"auto, (max-width: 800px) 100vw, 800px\" \/><\/span><\/i><\/p>\n<p>&nbsp;<\/p>\n<h4><b>16h-17h<\/b><\/h4>\n<h4><b>Roots of Japan\u00a0<\/b><\/h4>\n<p><i><span style=\"font-weight: 400;\">with T\u00e2nia Murakami, Luis Haruna and Isis Akagi\u00a0<\/span><\/i><\/p>\n<p><span style=\"font-weight: 400;\">Show by the duo Luis Haruna (trumpet and guitar) and T\u00e2nia Murakami (piano and flute), who bring a repertoire inspired by their ancestry.\u00a0<\/span><\/p>\n<p><span style=\"font-weight: 400;\">Descendants of the third generation of Japanese immigrants, the duo brings songs from their memories that provide a reunion with their origins.<\/span><\/p>\n<p><span style=\"font-weight: 400;\">With a special appearance by singer Isis Akagi.\u00a0<\/span><\/p>\n<p><i><span style=\"font-weight: 400;\">(in the pigeon room)<img loading=\"lazy\" decoding=\"async\" class=\"aligncenter size-full wp-image-2935\" src=\"https:\/\/condo.org.br\/wp-content\/uploads\/2024\/11\/20241114_CASA_ABERTA_2024_OFICINAS-06.jpg\" alt=\"\" width=\"800\" height=\"800\" srcset=\"https:\/\/condo.org.br\/wp-content\/uploads\/2024\/11\/20241114_CASA_ABERTA_2024_OFICINAS-06.jpg 800w, https:\/\/condo.org.br\/wp-content\/uploads\/2024\/11\/20241114_CASA_ABERTA_2024_OFICINAS-06-300x300.jpg 300w, https:\/\/condo.org.br\/wp-content\/uploads\/2024\/11\/20241114_CASA_ABERTA_2024_OFICINAS-06-150x150.jpg 150w, https:\/\/condo.org.br\/wp-content\/uploads\/2024\/11\/20241114_CASA_ABERTA_2024_OFICINAS-06-768x768.jpg 768w, https:\/\/condo.org.br\/wp-content\/uploads\/2024\/11\/20241114_CASA_ABERTA_2024_OFICINAS-06-12x12.jpg 12w\" sizes=\"auto, (max-width: 800px) 100vw, 800px\" \/><\/span><\/i><\/p>\n<p>&nbsp;<\/p>\n<h4><b>17h-17h30 Reading in the yard<\/b><span style=\"font-weight: 400;\">\u00a0<\/span><\/h4>\n<p><i><span style=\"font-weight: 400;\">with Awassury Fulkax\u00f3 and Silvia Nogueira\u00a0<\/span><\/i><\/p>\n<p><span style=\"font-weight: 400;\">Oneiric experiences in the fulkax\u00f3 way: when my spirit heard \u00caedjadw\u00e1.<\/span><\/p>\n<p><span style=\"font-weight: 400;\">This conversation in the backyard will begin with a beautiful tor\u00e9, after which, in a conversation with those present mediated by Silvia, Awassury will share - first hand - some experiences of dreaming from the point of view of his culture and traditions, which are included in the book Kariri Xoc\u00f3: Lips of an Ox, which brings together autobiographical and historical memories as experienced by the author Awassury Fulkax\u00f3 and transmitted orally by the elders of his people, of Kariri Xoc\u00f3 and Fulni'\u00f4 origin.<\/span><\/p>\n<p><i><span style=\"font-weight: 400;\">(in the yard)<img loading=\"lazy\" decoding=\"async\" class=\"aligncenter size-full wp-image-2941\" src=\"https:\/\/condo.org.br\/wp-content\/uploads\/2024\/11\/20241114_CASA_ABERTA_2024_OFICINAS-12.jpg\" alt=\"\" width=\"800\" height=\"800\" srcset=\"https:\/\/condo.org.br\/wp-content\/uploads\/2024\/11\/20241114_CASA_ABERTA_2024_OFICINAS-12.jpg 800w, https:\/\/condo.org.br\/wp-content\/uploads\/2024\/11\/20241114_CASA_ABERTA_2024_OFICINAS-12-300x300.jpg 300w, https:\/\/condo.org.br\/wp-content\/uploads\/2024\/11\/20241114_CASA_ABERTA_2024_OFICINAS-12-150x150.jpg 150w, https:\/\/condo.org.br\/wp-content\/uploads\/2024\/11\/20241114_CASA_ABERTA_2024_OFICINAS-12-768x768.jpg 768w, https:\/\/condo.org.br\/wp-content\/uploads\/2024\/11\/20241114_CASA_ABERTA_2024_OFICINAS-12-12x12.jpg 12w\" sizes=\"auto, (max-width: 800px) 100vw, 800px\" \/><\/span><\/i><\/p>\n<p>&nbsp;<\/p>\n<h4><b>17h30-18h30<\/b><\/h4>\n<h4><b>Drama in Crisis - Ruins of a burning land\u00a0<\/b><\/h4>\n<p><i><span style=\"font-weight: 400;\">with Guilherme Ara\u00fajo (flute), S\u00e9rgio Jomori (bass), Leonardo Dorea (percussion) and Gabriel Guimar\u00e3es (vocals and guitar).<\/span><\/i><\/p>\n<p><span style=\"font-weight: 400;\">An improvisational show and a selection of compositions by the Mogian psychedelic experimental quartet, which for the last five years has been engaging with the apocalyptic landscape of Brazilian music, melting styles.<\/span><\/p>\n<p><i><span style=\"font-weight: 400;\">(in the yard)<img loading=\"lazy\" decoding=\"async\" class=\"aligncenter size-full wp-image-2939\" src=\"https:\/\/condo.org.br\/wp-content\/uploads\/2024\/11\/20241114_CASA_ABERTA_2024_OFICINAS-10.jpg\" alt=\"\" width=\"800\" height=\"800\" srcset=\"https:\/\/condo.org.br\/wp-content\/uploads\/2024\/11\/20241114_CASA_ABERTA_2024_OFICINAS-10.jpg 800w, https:\/\/condo.org.br\/wp-content\/uploads\/2024\/11\/20241114_CASA_ABERTA_2024_OFICINAS-10-300x300.jpg 300w, https:\/\/condo.org.br\/wp-content\/uploads\/2024\/11\/20241114_CASA_ABERTA_2024_OFICINAS-10-150x150.jpg 150w, https:\/\/condo.org.br\/wp-content\/uploads\/2024\/11\/20241114_CASA_ABERTA_2024_OFICINAS-10-768x768.jpg 768w, https:\/\/condo.org.br\/wp-content\/uploads\/2024\/11\/20241114_CASA_ABERTA_2024_OFICINAS-10-12x12.jpg 12w\" sizes=\"auto, (max-width: 800px) 100vw, 800px\" \/><\/span><\/i><\/p>\n<p>&nbsp;<\/p>\n<h4><b>18h30-19h30<\/b><\/h4>\n<h4><b>Marielas<\/b><span style=\"font-weight: 400;\">\u00a0<\/span><\/h4>\n<p><span style=\"font-weight: 400;\">A musical group from S\u00e3o Paulo, made up of five members, all LGBT women. Their compositions range from Brazilian rhythms to reggae and blues. As well as their own work, the band performs versions of songs by artists such as Rita Lee, Caetano Veloso and Novos Baianos.\u00a0<\/span><\/p>\n<p><i><span style=\"font-weight: 400;\">(in the yard)<img loading=\"lazy\" decoding=\"async\" class=\"aligncenter size-full wp-image-2936\" src=\"https:\/\/condo.org.br\/wp-content\/uploads\/2024\/11\/20241114_CASA_ABERTA_2024_OFICINAS-07.jpg\" alt=\"\" width=\"800\" height=\"800\" srcset=\"https:\/\/condo.org.br\/wp-content\/uploads\/2024\/11\/20241114_CASA_ABERTA_2024_OFICINAS-07.jpg 800w, https:\/\/condo.org.br\/wp-content\/uploads\/2024\/11\/20241114_CASA_ABERTA_2024_OFICINAS-07-300x300.jpg 300w, https:\/\/condo.org.br\/wp-content\/uploads\/2024\/11\/20241114_CASA_ABERTA_2024_OFICINAS-07-150x150.jpg 150w, https:\/\/condo.org.br\/wp-content\/uploads\/2024\/11\/20241114_CASA_ABERTA_2024_OFICINAS-07-768x768.jpg 768w, https:\/\/condo.org.br\/wp-content\/uploads\/2024\/11\/20241114_CASA_ABERTA_2024_OFICINAS-07-12x12.jpg 12w\" sizes=\"auto, (max-width: 800px) 100vw, 800px\" \/><\/span><\/i><\/p>\n<p>&nbsp;<\/p>\n<p>&nbsp;<\/p>","protected":false},"excerpt":{"rendered":"<p>The Open House is a big open-door meeting to share our corners and our work with the public. A day to walk around Cond\u00f4 and discover the different worlds behind the doors and walls. Small big universes of the studios and creative actions of the people who are part of the Cond\u00f4 Cultural network.<\/p>","protected":false},"featured_media":2934,"template":"","meta":{"_crdt_document":"","_uag_custom_page_level_css":""},"categories":[18,24,22],"tags":[266,264,265],"class_list":["post-2932","programacao","type-programacao","status-publish","has-post-thumbnail","hentry","category-arquivo","category-atividades-artisticas","category-programacao","tag-ateliesabertos","tag-casaaberta","tag-onironautas"],"acf":[],"uagb_featured_image_src":{"full":["https:\/\/condo.org.br\/wp-content\/uploads\/2024\/11\/X71A0534_1.jpg",800,533,false],"thumbnail":["https:\/\/condo.org.br\/wp-content\/uploads\/2024\/11\/X71A0534_1-150x150.jpg",150,150,true],"medium":["https:\/\/condo.org.br\/wp-content\/uploads\/2024\/11\/X71A0534_1-300x200.jpg",300,200,true],"medium_large":["https:\/\/condo.org.br\/wp-content\/uploads\/2024\/11\/X71A0534_1-768x512.jpg",768,512,true],"large":["https:\/\/condo.org.br\/wp-content\/uploads\/2024\/11\/X71A0534_1.jpg",800,533,false],"1536x1536":["https:\/\/condo.org.br\/wp-content\/uploads\/2024\/11\/X71A0534_1.jpg",800,533,false],"2048x2048":["https:\/\/condo.org.br\/wp-content\/uploads\/2024\/11\/X71A0534_1.jpg",800,533,false],"trp-custom-language-flag":["https:\/\/condo.org.br\/wp-content\/uploads\/2024\/11\/X71A0534_1-18x12.jpg",18,12,true]},"uagb_author_info":{"display_name":"gessica","author_link":"https:\/\/condo.org.br\/en\/author\/"},"uagb_comment_info":0,"uagb_excerpt":"A Casa Aberta \u00e9 um grande encontro de portas abertas para compartilhar com o p\u00fablico nossos cantinhos e nossos trabalhos. Um dia para caminhar pelo Cond\u00f4 e descobrir v\u00e1rios mundos por tr\u00e1s de portas e paredes. Pequenos grandes universos dos ateli\u00eas e a\u00e7\u00f5es criativas das pessoas que fazem parte da rede Cond\u00f4 Cultural.","jetpack_sharing_enabled":true,"_links":{"self":[{"href":"https:\/\/condo.org.br\/en\/wp-json\/wp\/v2\/programacao\/2932","targetHints":{"allow":["GET"]}}],"collection":[{"href":"https:\/\/condo.org.br\/en\/wp-json\/wp\/v2\/programacao"}],"about":[{"href":"https:\/\/condo.org.br\/en\/wp-json\/wp\/v2\/types\/programacao"}],"wp:featuredmedia":[{"embeddable":true,"href":"https:\/\/condo.org.br\/en\/wp-json\/wp\/v2\/media\/2934"}],"wp:attachment":[{"href":"https:\/\/condo.org.br\/en\/wp-json\/wp\/v2\/media?parent=2932"}],"wp:term":[{"taxonomy":"category","embeddable":true,"href":"https:\/\/condo.org.br\/en\/wp-json\/wp\/v2\/categories?post=2932"},{"taxonomy":"post_tag","embeddable":true,"href":"https:\/\/condo.org.br\/en\/wp-json\/wp\/v2\/tags?post=2932"}],"curies":[{"name":"wp","href":"https:\/\/api.w.org\/{rel}","templated":true}]}}