{"id":2602,"date":"2023-11-22T11:48:30","date_gmt":"2023-11-22T14:48:30","guid":{"rendered":"https:\/\/condo.org.br\/?post_type=programacao&#038;p=2602"},"modified":"2023-11-30T12:10:15","modified_gmt":"2023-11-30T15:10:15","slug":"casa-aberta-2023-toro","status":"publish","type":"programacao","link":"https:\/\/condo.org.br\/en\/programacao\/casa-aberta-2023-toro\/","title":{"rendered":"Open House 2023, tor\u00f3"},"content":{"rendered":"<h2 style=\"text-align: center;\">OPEN HOUSE 2023<br \/>\ntor\u00f3<\/h2>\n<p>&nbsp;<\/p>\n<p><span style=\"font-weight: 400;\"><strong>We open our doors to celebrate and dance in the rain!<\/strong> <\/span><span style=\"font-weight: 400;\">A mixture of sculptures, prints, paintings, theater, music, dance, posters, plants, food, memories and a little bit more... this is Cond\u00f4 Cultural and the people who bring it to life. <strong>Open House. <\/strong><\/span><\/p>\n<p><span style=\"font-weight: 400;\">In times of intense climate change, we want to share with the public a little of our works that wet the thirsty earth.\u00a0<\/span><\/p>\n<p><span style=\"font-weight: 400;\">During this Tor\u00f3, nine of Cond\u00f4's fifteen studios will be open to visitors, as well as the common spaces and the vast backyard. The program will include a Visual Arts Exhibition, Workshops, Activities for Children, Theatre, Music, Film Screenings, as well as the Cond\u00f4 Shop, Indigenous Art Point, Composting, Caipira Coffee and other activities.\u00a0<\/span><\/p>\n<p>&nbsp;<\/p>\n<img loading=\"lazy\" decoding=\"async\" class=\"aligncenter wp-image-2609 size-full\" src=\"https:\/\/condo.org.br\/wp-content\/uploads\/2023\/11\/20231106_CASA_ABERTA_23_SALVE_A_DATA-1.jpg\" alt=\"\" width=\"800\" height=\"800\" srcset=\"https:\/\/condo.org.br\/wp-content\/uploads\/2023\/11\/20231106_CASA_ABERTA_23_SALVE_A_DATA-1.jpg 800w, https:\/\/condo.org.br\/wp-content\/uploads\/2023\/11\/20231106_CASA_ABERTA_23_SALVE_A_DATA-1-300x300.jpg 300w, https:\/\/condo.org.br\/wp-content\/uploads\/2023\/11\/20231106_CASA_ABERTA_23_SALVE_A_DATA-1-150x150.jpg 150w, https:\/\/condo.org.br\/wp-content\/uploads\/2023\/11\/20231106_CASA_ABERTA_23_SALVE_A_DATA-1-768x768.jpg 768w, https:\/\/condo.org.br\/wp-content\/uploads\/2023\/11\/20231106_CASA_ABERTA_23_SALVE_A_DATA-1-12x12.jpg 12w\" sizes=\"auto, (max-width: 800px) 100vw, 800px\" \/>\n<p>&nbsp;<\/p>\n<p>&nbsp;<\/p>\n<h3><b>Full program<\/b><\/h3>\n<p>&nbsp;<\/p>\n<div><\/div>\n<p>&nbsp;<\/p>\n<h4><b>9am to 2pm\u00a0<\/b><\/h4>\n<h4><a href=\"https:\/\/condo.org.br\/en\/programacao\/cafe-caipira\/\"><b>Caipira coffee<\/b><\/a><\/h4>\n<p><span style=\"font-weight: 400;\">To be enjoyed without haste, a day to meet and mingle with different people and take the opportunity to follow our program.<\/span><\/p>\n<img loading=\"lazy\" decoding=\"async\" class=\"aligncenter wp-image-2653 size-full\" src=\"https:\/\/condo.org.br\/wp-content\/uploads\/2023\/11\/20231129_CAFE_CAIPIRA-2.jpg\" alt=\"\" width=\"800\" height=\"800\" srcset=\"https:\/\/condo.org.br\/wp-content\/uploads\/2023\/11\/20231129_CAFE_CAIPIRA-2.jpg 800w, https:\/\/condo.org.br\/wp-content\/uploads\/2023\/11\/20231129_CAFE_CAIPIRA-2-300x300.jpg 300w, https:\/\/condo.org.br\/wp-content\/uploads\/2023\/11\/20231129_CAFE_CAIPIRA-2-150x150.jpg 150w, https:\/\/condo.org.br\/wp-content\/uploads\/2023\/11\/20231129_CAFE_CAIPIRA-2-768x768.jpg 768w, https:\/\/condo.org.br\/wp-content\/uploads\/2023\/11\/20231129_CAFE_CAIPIRA-2-12x12.jpg 12w\" sizes=\"auto, (max-width: 800px) 100vw, 800px\" \/>\n<p>&nbsp;<\/p>\n<p>&nbsp;<\/p>\n<h4><b>9am to 7pm\u00a0<\/b><\/h4>\n<h4><a href=\"https:\/\/condo.org.br\/en\/projetos\/arte-indigena\/\"><b>Indigenous Art Point<\/b><\/a><\/h4>\n<p><span style=\"font-weight: 400;\">Sales of the creations of indigenous artists, craftspeople and artisans from different ethnic groups in Brazil in the city of S\u00e3o Paulo. <\/span><span style=\"font-weight: 400;\">Inaugurated in 2021. We currently have art from the Guarani Mby\u00e1, Kariri-Xoc\u00f3, Fulni-\u00f4, Xukuru Kariri, Huni Kuin, Paiter Surui, Kalapalo and Aikan\u00e3 ethnic groups.\u00a0\u00a0<\/span><\/p>\n<img loading=\"lazy\" decoding=\"async\" class=\"aligncenter wp-image-2656 size-full\" src=\"https:\/\/condo.org.br\/wp-content\/uploads\/2023\/11\/20231129_PONTO_DE_ARTE_INDIGENA-5.jpg\" alt=\"\" width=\"800\" height=\"800\" srcset=\"https:\/\/condo.org.br\/wp-content\/uploads\/2023\/11\/20231129_PONTO_DE_ARTE_INDIGENA-5.jpg 800w, https:\/\/condo.org.br\/wp-content\/uploads\/2023\/11\/20231129_PONTO_DE_ARTE_INDIGENA-5-300x300.jpg 300w, https:\/\/condo.org.br\/wp-content\/uploads\/2023\/11\/20231129_PONTO_DE_ARTE_INDIGENA-5-150x150.jpg 150w, https:\/\/condo.org.br\/wp-content\/uploads\/2023\/11\/20231129_PONTO_DE_ARTE_INDIGENA-5-768x768.jpg 768w, https:\/\/condo.org.br\/wp-content\/uploads\/2023\/11\/20231129_PONTO_DE_ARTE_INDIGENA-5-12x12.jpg 12w\" sizes=\"auto, (max-width: 800px) 100vw, 800px\" \/>\n<p>&nbsp;<\/p>\n<p>&nbsp;<\/p>\n<h4><b>9am to 7pm\u00a0<\/b><\/h4>\n<h4><b>Cond\u00f4 Shop <\/b><\/h4>\n<p><span style=\"font-weight: 400;\">Pieces by artists from the Casa and the association.  A great option for end-of-year presents.\u00a0<\/span><\/p>\n<img loading=\"lazy\" decoding=\"async\" class=\"aligncenter wp-image-2655 size-full\" src=\"https:\/\/condo.org.br\/wp-content\/uploads\/2023\/11\/20231129_LOJINHA_CONDO-4.jpg\" alt=\"\" width=\"800\" height=\"800\" srcset=\"https:\/\/condo.org.br\/wp-content\/uploads\/2023\/11\/20231129_LOJINHA_CONDO-4.jpg 800w, https:\/\/condo.org.br\/wp-content\/uploads\/2023\/11\/20231129_LOJINHA_CONDO-4-300x300.jpg 300w, https:\/\/condo.org.br\/wp-content\/uploads\/2023\/11\/20231129_LOJINHA_CONDO-4-150x150.jpg 150w, https:\/\/condo.org.br\/wp-content\/uploads\/2023\/11\/20231129_LOJINHA_CONDO-4-768x768.jpg 768w, https:\/\/condo.org.br\/wp-content\/uploads\/2023\/11\/20231129_LOJINHA_CONDO-4-12x12.jpg 12w\" sizes=\"auto, (max-width: 800px) 100vw, 800px\" \/>\n<p>&nbsp;<\/p>\n<p>&nbsp;<\/p>\n<h4><b>9am to 7pm\u00a0<\/b><\/h4>\n<h4><b>Visual Arts Exhibition\u00a0<\/b><\/h4>\n<p><span style=\"font-weight: 400;\">Beatriz Nogueira, Carolina Coronato, Cleiri Cardoso, Cris Panariello, Emilie Becker, Eneida Sanches, Gabriela Sacchetto, Giselle Rocha, Greg\u00f3rio Guirado, Itamar Dutra, Kako Guirado, Lissa Sakajiri, Nadira Yanez, Otto Forte, Rita Cavassana, Vitor Bar\u00e3o + #\u00e9clima\u00a0<\/span><\/p>\n<p><span style=\"font-weight: 400;\">The house artists will occupy various spaces in the Cond\u00f4 in different formats.<\/span><\/p>\n<p><b><img loading=\"lazy\" decoding=\"async\" class=\"aligncenter wp-image-2604 size-full\" src=\"https:\/\/condo.org.br\/wp-content\/uploads\/2023\/11\/20231110_MOSTRA_ARTE_VISUAL-2.jpg\" alt=\"\" width=\"800\" height=\"800\" srcset=\"https:\/\/condo.org.br\/wp-content\/uploads\/2023\/11\/20231110_MOSTRA_ARTE_VISUAL-2.jpg 800w, https:\/\/condo.org.br\/wp-content\/uploads\/2023\/11\/20231110_MOSTRA_ARTE_VISUAL-2-300x300.jpg 300w, https:\/\/condo.org.br\/wp-content\/uploads\/2023\/11\/20231110_MOSTRA_ARTE_VISUAL-2-150x150.jpg 150w, https:\/\/condo.org.br\/wp-content\/uploads\/2023\/11\/20231110_MOSTRA_ARTE_VISUAL-2-768x768.jpg 768w, https:\/\/condo.org.br\/wp-content\/uploads\/2023\/11\/20231110_MOSTRA_ARTE_VISUAL-2-12x12.jpg 12w\" sizes=\"auto, (max-width: 800px) 100vw, 800px\" \/><\/b><b><\/b><\/p>\n<p>&nbsp;<\/p>\n<p>&nbsp;<\/p>\n<h4><b>10am to 3pm\u00a0<\/b><\/h4>\n<h4><b>Open Workshops<\/b><\/h4>\n<p><span style=\"font-weight: 400;\">There will be 09 workshops open to visitors. Come and discover the infinite universes of <\/span><span style=\"font-weight: 400;\">Beatriz Nogueira, Cleiri Cardoso, Cris Panariello, Eneida Sanches, Gabriela Sacchetto, Itamar Dutra, Lissa Sakajiri, Luiza Freire, Ma\u00edra B\u00fchler, Nadira Yanez and Ulli Nalin.<\/span><\/p>\n<img loading=\"lazy\" decoding=\"async\" class=\"aligncenter wp-image-2603 size-full\" src=\"https:\/\/condo.org.br\/wp-content\/uploads\/2023\/11\/20231110_ATELIES_ABERTOS-1.jpg\" alt=\"\" width=\"800\" height=\"800\" srcset=\"https:\/\/condo.org.br\/wp-content\/uploads\/2023\/11\/20231110_ATELIES_ABERTOS-1.jpg 800w, https:\/\/condo.org.br\/wp-content\/uploads\/2023\/11\/20231110_ATELIES_ABERTOS-1-300x300.jpg 300w, https:\/\/condo.org.br\/wp-content\/uploads\/2023\/11\/20231110_ATELIES_ABERTOS-1-150x150.jpg 150w, https:\/\/condo.org.br\/wp-content\/uploads\/2023\/11\/20231110_ATELIES_ABERTOS-1-768x768.jpg 768w, https:\/\/condo.org.br\/wp-content\/uploads\/2023\/11\/20231110_ATELIES_ABERTOS-1-12x12.jpg 12w\" sizes=\"auto, (max-width: 800px) 100vw, 800px\" \/>\n<p>&nbsp;<\/p>\n<p>&nbsp;<\/p>\n<h4><b>11am to 2pm\u00a0<\/b><\/h4>\n<h4><a href=\"https:\/\/condo.org.br\/en\/programacao\/compostagem-comunitaria\/\"><b>Community composting<\/b><\/a><\/h4>\n<p><span style=\"font-weight: 400;\">Bring your organic waste and take home a seedling! Separate your organic waste at home, put it in a bucket or pot with a lid, and bring it to the compost on Sundays between 11am and 2pm.<\/span><\/p>\n<p>&nbsp;<\/p>\n<p>&nbsp;<\/p>\n<h4><b>2pm to 7pm\u00a0<\/b><\/h4>\n<h4><b>Sweet and savory Community composting<\/b><\/h4>\n<p><span style=\"font-weight: 400;\">Homemade food partnership with women from Vila Anglo Brasileira <\/span><\/p>\n<p>&nbsp;<\/p>\n<p>&nbsp;<\/p>\n<h4><b>9:30 a.m. to 10:30 a.m.<\/b><\/h4>\n<h4><b>Tai Chi Experience (TaiChiPaiLin) <\/b><\/h4>\n<p><span style=\"font-weight: 400;\">with T\u00e2nia Murakami\u00a0<\/span><\/p>\n<p><span style=\"font-weight: 400;\">An ancient, slow and circular practice with T\u00e2nia Murakami, who has been practicing TaiChiPaiLin since 1999 but awoke to the practice of Tai Chi in 1989. Also a musician, she has TaiChi as a fundamental practice for her studies and creativity.<\/span><\/p>\n<p><span style=\"font-weight: 400;\">Audience: from 10 years old\u00a0<\/span><\/p>\n<img loading=\"lazy\" decoding=\"async\" class=\"aligncenter wp-image-2605 size-full\" src=\"https:\/\/condo.org.br\/wp-content\/uploads\/2023\/11\/20231117_OFICINAS_01-3.jpg\" alt=\"\" width=\"800\" height=\"800\" srcset=\"https:\/\/condo.org.br\/wp-content\/uploads\/2023\/11\/20231117_OFICINAS_01-3.jpg 800w, https:\/\/condo.org.br\/wp-content\/uploads\/2023\/11\/20231117_OFICINAS_01-3-300x300.jpg 300w, https:\/\/condo.org.br\/wp-content\/uploads\/2023\/11\/20231117_OFICINAS_01-3-150x150.jpg 150w, https:\/\/condo.org.br\/wp-content\/uploads\/2023\/11\/20231117_OFICINAS_01-3-768x768.jpg 768w, https:\/\/condo.org.br\/wp-content\/uploads\/2023\/11\/20231117_OFICINAS_01-3-12x12.jpg 12w\" sizes=\"auto, (max-width: 800px) 100vw, 800px\" \/>\n<p>&nbsp;<\/p>\n<p>&nbsp;<\/p>\n<h4><b>10:30 a.m. to 11:10 a.m.\u00a0<\/b><\/h4>\n<h4><b>Cuca's egg <\/b><\/h4>\n<p><span style=\"font-weight: 400;\">Mask and puppet show on the theme of freedom with the groups Rainhas do Radiador and Desembargadores do Furg\u00e3o<\/span><\/p>\n<p><span style=\"font-weight: 400;\">Duration: 40 minutes\u00a0<\/span><\/p>\n<p><span style=\"font-weight: 400;\">Audience: Free with a special invitation for children\u00a0<\/span><\/p>\n<img loading=\"lazy\" decoding=\"async\" class=\"aligncenter wp-image-2610 size-full\" src=\"https:\/\/condo.org.br\/wp-content\/uploads\/2023\/11\/20231121_ATIVIDADES_01-2.jpg\" alt=\"\" width=\"800\" height=\"800\" srcset=\"https:\/\/condo.org.br\/wp-content\/uploads\/2023\/11\/20231121_ATIVIDADES_01-2.jpg 800w, https:\/\/condo.org.br\/wp-content\/uploads\/2023\/11\/20231121_ATIVIDADES_01-2-300x300.jpg 300w, https:\/\/condo.org.br\/wp-content\/uploads\/2023\/11\/20231121_ATIVIDADES_01-2-150x150.jpg 150w, https:\/\/condo.org.br\/wp-content\/uploads\/2023\/11\/20231121_ATIVIDADES_01-2-768x768.jpg 768w, https:\/\/condo.org.br\/wp-content\/uploads\/2023\/11\/20231121_ATIVIDADES_01-2-12x12.jpg 12w\" sizes=\"auto, (max-width: 800px) 100vw, 800px\" \/>\n<p>&nbsp;<\/p>\n<p>&nbsp;<\/p>\n<h4><b>11:30 a.m. to 12:30 p.m.\u00a0<\/b><\/h4>\n<h4><b>Practical experience of a healthy body<\/b><\/h4>\n<p><span style=\"font-weight: 400;\">with Isis Marks\u00a0<\/span><\/p>\n<p><span style=\"font-weight: 400;\">Come and discover a body and movement practice based on Pilates and Yoga techniques, dance principles, somatic approaches and the study of fasciae and anatomical pathways. To care for and integrate the body with breathing, perception, body awareness, motor coordination, alignment, flexibility and strengthening exercises.\u00a0<\/span><\/p>\n<p><span style=\"font-weight: 400;\">Audience: Free from 16 years old\u00a0\u00a0\u00a0<\/span><\/p>\n<img loading=\"lazy\" decoding=\"async\" class=\"aligncenter wp-image-2652 size-full\" src=\"https:\/\/condo.org.br\/wp-content\/uploads\/2023\/11\/20231128_ATIVIDADES_05-1.jpg\" alt=\"\" width=\"800\" height=\"800\" srcset=\"https:\/\/condo.org.br\/wp-content\/uploads\/2023\/11\/20231128_ATIVIDADES_05-1.jpg 800w, https:\/\/condo.org.br\/wp-content\/uploads\/2023\/11\/20231128_ATIVIDADES_05-1-300x300.jpg 300w, https:\/\/condo.org.br\/wp-content\/uploads\/2023\/11\/20231128_ATIVIDADES_05-1-150x150.jpg 150w, https:\/\/condo.org.br\/wp-content\/uploads\/2023\/11\/20231128_ATIVIDADES_05-1-768x768.jpg 768w, https:\/\/condo.org.br\/wp-content\/uploads\/2023\/11\/20231128_ATIVIDADES_05-1-12x12.jpg 12w\" sizes=\"auto, (max-width: 800px) 100vw, 800px\" \/>\n<p>&nbsp;<\/p>\n<p>&nbsp;<\/p>\n<h4><b>11:30 a.m. to 1:00 p.m.\u00a0<\/b><\/h4>\n<h4><b>Lost world: small archaeological site <\/b><\/h4>\n<p><span style=\"font-weight: 400;\">Grammars of Nature invites Coletivo Oquecabeaqui?\u00a0<\/span><\/p>\n<p><span style=\"font-weight: 400;\">Activation of the \"Lost world: small archaeological site\" toy. The idea is for the children to find land that they consider to be a site to be explored and, using the tools of an archaeologist, carry out excavations to find artifacts. The idea is also to immerse them in the world of imagination, which is typical of children, in order to cultivate stories and memories.<\/span><\/p>\n<p><span style=\"font-weight: 400;\">Audience: free<\/span><\/p>\n<img loading=\"lazy\" decoding=\"async\" class=\"aligncenter wp-image-2606 size-full\" src=\"https:\/\/condo.org.br\/wp-content\/uploads\/2023\/11\/20231117_OFICINAS_02-4.jpg\" alt=\"\" width=\"800\" height=\"800\" srcset=\"https:\/\/condo.org.br\/wp-content\/uploads\/2023\/11\/20231117_OFICINAS_02-4.jpg 800w, https:\/\/condo.org.br\/wp-content\/uploads\/2023\/11\/20231117_OFICINAS_02-4-300x300.jpg 300w, https:\/\/condo.org.br\/wp-content\/uploads\/2023\/11\/20231117_OFICINAS_02-4-150x150.jpg 150w, https:\/\/condo.org.br\/wp-content\/uploads\/2023\/11\/20231117_OFICINAS_02-4-768x768.jpg 768w, https:\/\/condo.org.br\/wp-content\/uploads\/2023\/11\/20231117_OFICINAS_02-4-12x12.jpg 12w\" sizes=\"auto, (max-width: 800px) 100vw, 800px\" \/>\n<p>&nbsp;<\/p>\n<p>&nbsp;<\/p>\n<h4><b>1pm to 2pm\u00a0<\/b><\/h4>\n<h4><b>What melts? <\/b><\/h4>\n<p><span style=\"font-weight: 400;\">with<\/span> <span style=\"font-weight: 400;\">Rita Cavassana<\/span><\/p>\n<p><span style=\"font-weight: 400;\">Play-intervention with ice in the shape of colored letters. Let's create words to melt. What dissolves, or what is melting? What words will we want to melt, or letters that will die out as the heat rises higher and higher? How long will it take to see the words and letters melt?<\/span><\/p>\n<p><span style=\"font-weight: 400;\">Audience: children aged 5 and over\u00a0<\/span><\/p>\n<img loading=\"lazy\" decoding=\"async\" class=\"aligncenter wp-image-2607 size-full\" src=\"https:\/\/condo.org.br\/wp-content\/uploads\/2023\/11\/20231117_OFICINAS_03-5.jpg\" alt=\"\" width=\"800\" height=\"800\" srcset=\"https:\/\/condo.org.br\/wp-content\/uploads\/2023\/11\/20231117_OFICINAS_03-5.jpg 800w, https:\/\/condo.org.br\/wp-content\/uploads\/2023\/11\/20231117_OFICINAS_03-5-300x300.jpg 300w, https:\/\/condo.org.br\/wp-content\/uploads\/2023\/11\/20231117_OFICINAS_03-5-150x150.jpg 150w, https:\/\/condo.org.br\/wp-content\/uploads\/2023\/11\/20231117_OFICINAS_03-5-768x768.jpg 768w, https:\/\/condo.org.br\/wp-content\/uploads\/2023\/11\/20231117_OFICINAS_03-5-12x12.jpg 12w\" sizes=\"auto, (max-width: 800px) 100vw, 800px\" \/>\n<p>&nbsp;<\/p>\n<p>&nbsp;<\/p>\n<h4><b><\/b><b>2pm to 4pm<\/b><\/h4>\n<h4><b>Garden of Delights drawing and observation workshop <\/b><\/h4>\n<p><span style=\"font-weight: 400;\">with<\/span> <span style=\"font-weight: 400;\">Gabriela Sacchetto<\/span><\/p>\n<p><span style=\"font-weight: 400;\">In this workshop, participants will be invited to experiment with drawing exercises based on observation and contemplation in the Garden of Delights. You don't need to know how to draw to take part. This workshop is an invitation to observe and experiment!<\/span><\/p>\n<p><span style=\"font-weight: 400;\">Audience: 15 and over.\u00a0<\/span><\/p>\n<img loading=\"lazy\" decoding=\"async\" class=\"aligncenter wp-image-2608 size-full\" src=\"https:\/\/condo.org.br\/wp-content\/uploads\/2023\/11\/20231117_OFICINAS_04-6.jpg\" alt=\"\" width=\"800\" height=\"800\" srcset=\"https:\/\/condo.org.br\/wp-content\/uploads\/2023\/11\/20231117_OFICINAS_04-6.jpg 800w, https:\/\/condo.org.br\/wp-content\/uploads\/2023\/11\/20231117_OFICINAS_04-6-300x300.jpg 300w, https:\/\/condo.org.br\/wp-content\/uploads\/2023\/11\/20231117_OFICINAS_04-6-150x150.jpg 150w, https:\/\/condo.org.br\/wp-content\/uploads\/2023\/11\/20231117_OFICINAS_04-6-768x768.jpg 768w, https:\/\/condo.org.br\/wp-content\/uploads\/2023\/11\/20231117_OFICINAS_04-6-12x12.jpg 12w\" sizes=\"auto, (max-width: 800px) 100vw, 800px\" \/>\n<p>&nbsp;<\/p>\n<p>&nbsp;<\/p>\n<h4><b>14:30 to 15:14<\/b><\/h4>\n<h4><b>The time we have left <\/b><\/h4>\n<p><span style=\"font-weight: 400;\">Free Improvisation - Instrumental Music\u00a0<\/span><\/p>\n<p>Felipe Mancini and Iran Ribas invite two other musicians, Paulo Bira and Ivan Silva. The three musicians have never played together and will work together for 44 minutes in a room creating music without previously agreed themes, combining acoustic and electronic music. They will be joined by a wind-up clock that will tick for 44 minutes until it wakes up. The beat of the clock is another element used to create ideas. A beat to be manipulated and used in a musical way. 44 minutes according to numerology;<\/p>\n<p><span style=\"font-weight: 400;\">- <\/span><i><span style=\"font-weight: 400;\">44 represents a person who is fully aware that everything they think can come true. They know that their thoughts have power and because of this, more than anyone else, they need to pay close attention to what they think.<\/span><\/i><\/p>\n<p><span style=\"font-weight: 400;\">It will be a time for collective reflection by the musicians and the audience on the meaning of what we usually think about<\/span><\/p>\n<p><span style=\"font-weight: 400;\">Audience: Free\u00a0<\/span><\/p>\n<img loading=\"lazy\" decoding=\"async\" class=\"aligncenter wp-image-2611 size-full\" src=\"https:\/\/condo.org.br\/wp-content\/uploads\/2023\/11\/20231121_ATIVIDADES_02-3.jpg\" alt=\"\" width=\"800\" height=\"800\" srcset=\"https:\/\/condo.org.br\/wp-content\/uploads\/2023\/11\/20231121_ATIVIDADES_02-3.jpg 800w, https:\/\/condo.org.br\/wp-content\/uploads\/2023\/11\/20231121_ATIVIDADES_02-3-300x300.jpg 300w, https:\/\/condo.org.br\/wp-content\/uploads\/2023\/11\/20231121_ATIVIDADES_02-3-150x150.jpg 150w, https:\/\/condo.org.br\/wp-content\/uploads\/2023\/11\/20231121_ATIVIDADES_02-3-768x768.jpg 768w, https:\/\/condo.org.br\/wp-content\/uploads\/2023\/11\/20231121_ATIVIDADES_02-3-12x12.jpg 12w\" sizes=\"auto, (max-width: 800px) 100vw, 800px\" \/>\n<p>&nbsp;<\/p>\n<p>&nbsp;<\/p>\n<h4><b>15:30 to 18:00\u00a0<\/b><\/h4>\n<h4><b>Tell her you saw me cry <\/b><\/h4>\n<p><span style=\"font-weight: 400;\">A film by Ma\u00edra B\u00fchler followed by a discussion with people from Casa Rodante, a street art and harm reduction project.\u00a0<\/span><\/p>\n<p><span style=\"font-weight: 400;\">Movie length: 1:30\u00a0<\/span><\/p>\n<p><span style=\"font-weight: 400;\">Duration of the talk: 1:00\u00a0<\/span><\/p>\n<p><span style=\"font-weight: 400;\">Audience: General, but with a special invitation for mental health staff.\u00a0<\/span><\/p>\n<img loading=\"lazy\" decoding=\"async\" class=\"aligncenter wp-image-2612 size-full\" src=\"https:\/\/condo.org.br\/wp-content\/uploads\/2023\/11\/20231121_ATIVIDADES_03-4.jpg\" alt=\"\" width=\"800\" height=\"800\" srcset=\"https:\/\/condo.org.br\/wp-content\/uploads\/2023\/11\/20231121_ATIVIDADES_03-4.jpg 800w, https:\/\/condo.org.br\/wp-content\/uploads\/2023\/11\/20231121_ATIVIDADES_03-4-300x300.jpg 300w, https:\/\/condo.org.br\/wp-content\/uploads\/2023\/11\/20231121_ATIVIDADES_03-4-150x150.jpg 150w, https:\/\/condo.org.br\/wp-content\/uploads\/2023\/11\/20231121_ATIVIDADES_03-4-768x768.jpg 768w, https:\/\/condo.org.br\/wp-content\/uploads\/2023\/11\/20231121_ATIVIDADES_03-4-12x12.jpg 12w\" sizes=\"auto, (max-width: 800px) 100vw, 800px\" \/>\n<p>&nbsp;<\/p>\n<p>&nbsp;<\/p>\n<h4><b>18:00<\/b><\/h4>\n<h4><b>Henk Thunderstorm<\/b><\/h4>\n<p><span style=\"font-weight: 400;\">will present a song of his own, voice and guitar, which is related to the Tor\u00f3 theme \ud83d\ude42\u00a0<\/span><\/p>\n<p>&nbsp;<\/p>\n<p>&nbsp;<\/p>\n<h4><b>5pm to 7pm\u00a0<\/b><\/h4>\n<h4><span style=\"font-weight: 400;\"><strong>Disco<\/strong> <\/span><\/h4>\n<p><span style=\"font-weight: 400;\">with Ulli Nalin to dance in the rain\u00a0<\/span><\/p>\n<img loading=\"lazy\" decoding=\"async\" class=\"aligncenter wp-image-2613 size-full\" src=\"https:\/\/condo.org.br\/wp-content\/uploads\/2023\/11\/20231121_ATIVIDADES_04-5.jpg\" alt=\"\" width=\"800\" height=\"800\" srcset=\"https:\/\/condo.org.br\/wp-content\/uploads\/2023\/11\/20231121_ATIVIDADES_04-5.jpg 800w, https:\/\/condo.org.br\/wp-content\/uploads\/2023\/11\/20231121_ATIVIDADES_04-5-300x300.jpg 300w, https:\/\/condo.org.br\/wp-content\/uploads\/2023\/11\/20231121_ATIVIDADES_04-5-150x150.jpg 150w, https:\/\/condo.org.br\/wp-content\/uploads\/2023\/11\/20231121_ATIVIDADES_04-5-768x768.jpg 768w, https:\/\/condo.org.br\/wp-content\/uploads\/2023\/11\/20231121_ATIVIDADES_04-5-12x12.jpg 12w\" sizes=\"auto, (max-width: 800px) 100vw, 800px\" \/>\n<p>&nbsp;<\/p>\n<p>&nbsp;<\/p>\n<h4><b>About Cond\u00f4 Cultural<\/b><\/h4>\n<p><span style=\"font-weight: 400;\">Cond\u00f4 is an association whose purpose is to produce and promote cultural, artistic and environmental actions that value creative processes and new forms of relationship and coexistence between artists, the community, educators, technicians, entrepreneurs, cultural, social and environmental agents. The organization is always looking for connections with creative initiatives that want to make the world a fairer place and in harmony with nature. <\/span><\/p>\n<p>&nbsp;<\/p>\n<p>&nbsp;<\/p>\n<h4><b>Open House | Tor\u00f3\u00a0<\/b><\/h4>\n<p><b>Where: <\/b><span style=\"font-weight: 400;\">Cond\u00f4 Cultural<\/span><\/p>\n<p><b>Date:<\/b><span style=\"font-weight: 400;\"> 03\/12\/2023 (Sunday)<\/span><\/p>\n<p><b>Schedule:<\/b><span style=\"font-weight: 400;\"> 9am to 7pm<\/span><\/p>\n<p><b>Entry:<\/b><span style=\"font-weight: 400;\"> free of charge<\/span><span style=\"font-weight: 400;\"><br \/>\n<\/span><b><\/b><\/p>\n<p><b>Public:<\/b><span style=\"font-weight: 400;\"> all ages<\/span><\/p>\n<p><b>Address:<\/b><span style=\"font-weight: 400;\"> Rua Mundo Novo, 342 - Vila Anglo Brasileira - S\u00e3o Paulo - SP - 05028-030<\/span><\/p>\n<p>&nbsp;<\/p>","protected":false},"excerpt":{"rendered":"<p>We open our doors to celebrate and dance in the rain! A mixture of sculptures, prints, paintings, theater, music, dance, posters, plants, food, memories and a little bit more... this is Cond\u00f4 Cultural and the people who give life to the existence of Casa Aberta.<\/p>","protected":false},"featured_media":2614,"template":"","meta":{"_crdt_document":"","_uag_custom_page_level_css":""},"categories":[18,24,22],"tags":[244,227,245,246],"class_list":["post-2602","programacao","type-programacao","status-publish","has-post-thumbnail","hentry","category-arquivo","category-atividades-artisticas","category-programacao","tag-atelies-abertos","tag-casa-aberta","tag-mostra-de-artes-visuais","tag-programacao-artistica"],"acf":[],"uagb_featured_image_src":{"full":["https:\/\/condo.org.br\/wp-content\/uploads\/2023\/11\/print-casa-aberta_destaque-1.jpg",800,398,false],"thumbnail":["https:\/\/condo.org.br\/wp-content\/uploads\/2023\/11\/print-casa-aberta_destaque-1-150x150.jpg",150,150,true],"medium":["https:\/\/condo.org.br\/wp-content\/uploads\/2023\/11\/print-casa-aberta_destaque-1-300x149.jpg",300,149,true],"medium_large":["https:\/\/condo.org.br\/wp-content\/uploads\/2023\/11\/print-casa-aberta_destaque-1-768x382.jpg",768,382,true],"large":["https:\/\/condo.org.br\/wp-content\/uploads\/2023\/11\/print-casa-aberta_destaque-1.jpg",800,398,false],"1536x1536":["https:\/\/condo.org.br\/wp-content\/uploads\/2023\/11\/print-casa-aberta_destaque-1.jpg",800,398,false],"2048x2048":["https:\/\/condo.org.br\/wp-content\/uploads\/2023\/11\/print-casa-aberta_destaque-1.jpg",800,398,false],"trp-custom-language-flag":["https:\/\/condo.org.br\/wp-content\/uploads\/2023\/11\/print-casa-aberta_destaque-1-18x9.jpg",18,9,true]},"uagb_author_info":{"display_name":"gessica","author_link":"https:\/\/condo.org.br\/en\/author\/"},"uagb_comment_info":0,"uagb_excerpt":"Abrimos as portas para celebrar e dan\u00e7ar na chuva! Uma mistura de esculturas, gravuras, pinturas, teatro, m\u00fasica, dan\u00e7a, cartazes, plantas, comidas, mem\u00f3rias e um pouquinho mais\u2026 assim \u00e9 o Cond\u00f4 Cultural e as pessoas que d\u00e3o vida a exist\u00eancia da Casa Aberta.","jetpack_sharing_enabled":true,"_links":{"self":[{"href":"https:\/\/condo.org.br\/en\/wp-json\/wp\/v2\/programacao\/2602","targetHints":{"allow":["GET"]}}],"collection":[{"href":"https:\/\/condo.org.br\/en\/wp-json\/wp\/v2\/programacao"}],"about":[{"href":"https:\/\/condo.org.br\/en\/wp-json\/wp\/v2\/types\/programacao"}],"wp:featuredmedia":[{"embeddable":true,"href":"https:\/\/condo.org.br\/en\/wp-json\/wp\/v2\/media\/2614"}],"wp:attachment":[{"href":"https:\/\/condo.org.br\/en\/wp-json\/wp\/v2\/media?parent=2602"}],"wp:term":[{"taxonomy":"category","embeddable":true,"href":"https:\/\/condo.org.br\/en\/wp-json\/wp\/v2\/categories?post=2602"},{"taxonomy":"post_tag","embeddable":true,"href":"https:\/\/condo.org.br\/en\/wp-json\/wp\/v2\/tags?post=2602"}],"curies":[{"name":"wp","href":"https:\/\/api.w.org\/{rel}","templated":true}]}}